{"id":428,"date":"2025-03-28T22:00:52","date_gmt":"2025-03-29T01:00:52","guid":{"rendered":"http:\/\/localhost\/govtransparencia-cam\/?post_type=lgpd&#038;p=393"},"modified":"2025-04-07T10:50:28","modified_gmt":"2025-04-07T13:50:28","slug":"lei-geral-de-protecao-de-dados-lgpd","status":"publish","type":"lgpd","link":"https:\/\/w3d.app.br\/camlagoadoouro\/lgpd\/lei-geral-de-protecao-de-dados-lgpd\/","title":{"rendered":"Lei Geral de Prote\u00e7\u00e3o de Dados &#8211; LGPD"},"content":{"rendered":"<p class=\"\" data-start=\"0\" data-end=\"170\"><a href=\"http:\/\/www.planalto.gov.br\/ccivil_03\/_ato2015-2018\/2018\/lei\/l13709.htm\" target=\"_blank\" rel=\"noopener\">A LGPD (Lei n\u00ba 13.709\/2018)<\/a> \u00e9 a legisla\u00e7\u00e3o brasileira que regula o tratamento de dados pessoais, visando proteger a liberdade e a privacidade das pessoas. Ela estabelece:<\/p>\n<ul data-start=\"172\" data-end=\"1051\">\n<li class=\"\" data-start=\"172\" data-end=\"360\">\n<p class=\"\" data-start=\"174\" data-end=\"360\"><strong data-start=\"174\" data-end=\"198\">\u00c2mbito de aplica\u00e7\u00e3o:<\/strong> Aplica-se a qualquer organiza\u00e7\u00e3o que processe dados pessoais de indiv\u00edduos situados no Brasil, independentemente da localiza\u00e7\u00e3o da empresa ou do centro de dados.<\/p>\n<\/li>\n<li class=\"\" data-start=\"361\" data-end=\"563\">\n<p class=\"\" data-start=\"363\" data-end=\"563\"><strong data-start=\"363\" data-end=\"390\">Defini\u00e7\u00f5es importantes:<\/strong> Inclui a defini\u00e7\u00e3o de dados pessoais e dados sens\u00edveis (como informa\u00e7\u00f5es sobre sa\u00fade, origem \u00e9tnica, etc.) e trata com especial cuidado os dados de crian\u00e7as e adolescentes.<\/p>\n<\/li>\n<li class=\"\" data-start=\"564\" data-end=\"689\">\n<p class=\"\" data-start=\"566\" data-end=\"689\"><strong data-start=\"566\" data-end=\"584\">Consentimento:<\/strong> Exige o consentimento do titular dos dados para o tratamento, com exce\u00e7\u00f5es espec\u00edficas previstas na lei.<\/p>\n<\/li>\n<li class=\"\" data-start=\"690\" data-end=\"887\">\n<p class=\"\" data-start=\"692\" data-end=\"887\"><strong data-start=\"692\" data-end=\"718\">Direitos dos cidad\u00e3os:<\/strong> Garante que os indiv\u00edduos possam solicitar a exclus\u00e3o de seus dados, revogar o consentimento e transferir informa\u00e7\u00f5es para outros fornecedores, al\u00e9m de outros direitos.<\/p>\n<\/li>\n<li class=\"\" data-start=\"888\" data-end=\"1051\">\n<p class=\"\" data-start=\"890\" data-end=\"1051\"><strong data-start=\"890\" data-end=\"919\">Princ\u00edpios do tratamento:<\/strong> O tratamento deve obedecer a crit\u00e9rios como finalidade e necessidade, que devem ser previamente informados aos titulares dos dados.<\/p>\n<\/li>\n<\/ul>\n<p><!-- Link que abre o modal --><a class=\"modal-link\" title=\"Visualizar detalhes\" href=\"#\" data-url=\"https:\/\/seusite.com.br\/pagina-para-carregar-no-modal.html\"><br \/>\n<\/a><\/p>\n\r\n    <div class=\"lgpd-accordion-group\" id=\"lgpdAccordion69f1fe89a2173\">\r\n      <div class=\"lgpd-panel lgpd-panel-default\">\r\n        <div class=\"lgpd-panel-heading\">\r\n          <h4 class=\"lgpd-panel-title\">\r\n            <a data-toggle=\"collapse\" data-parent=\"#lgpdAccordion69f1fe89a2173\" href=\"#lgpdCollapselgpdAccordion69f1fe89a2173\" onclick=\"toggleAccordionIcon(this);\">\r\n              Para Acessar Nossa Pol\u00edtica de Privacidade e Prote\u00e7\u00e3o de Dados &#8211; CLIQUE AQUI <i class=\"fa lgpd-toggle-icon fa-chevron-down\" aria-hidden=\"true\"><\/i>\r\n            <\/a>\r\n          <\/h4>\r\n        <\/div>\r\n        <div id=\"lgpdCollapselgpdAccordion69f1fe89a2173\" class=\"lgpd-panel-collapse collapse\">\r\n          <div class=\"lgpd-panel-body\">\r\n            <\/p>\n<p><\/p>\n<div class=\"box-tit-h1-interno\" data-raofz=\"16\">\n<h2 class=\"h1-interno\" data-raofz=\"30\"><strong>Pol\u00edticas de Privacidade e Prote\u00e7\u00e3o de Dados<\/strong><\/h2>\n<\/div>\n<div class=\"espaco10\" data-raofz=\"16\"><\/div>\n<div class=\"box-texto-interno-page\" data-raofz=\"16\">\n<h3 data-start=\"396\" data-end=\"412\" data-raofz=\"22\"><strong>1. Introdu\u00e7\u00e3o<\/strong><\/h3>\n<p data-start=\"414\" data-end=\"811\" data-raofz=\"18\">A\u00a0<strong>C\u00c2MARA MUNICIPAL DE LAGOA DO OURO \u2013 PERNAMBUCO<\/strong>\u00a0tem o compromisso com a transpar\u00eancia e a prote\u00e7\u00e3o dos dados pessoais dos cidad\u00e3os, visitantes e usu\u00e1rios dos seus servi\u00e7os e portais digitais. Esta Pol\u00edtica de Privacidade estabelece as diretrizes e pr\u00e1ticas adotadas para o tratamento de dados pessoais, assegurando o cumprimento da legisla\u00e7\u00e3o vigente e o respeito aos direitos dos titulares.<\/p>\n<hr \/>\n<h2 data-start=\"813\" data-end=\"829\" data-raofz=\"26\"><\/h2>\n<h3 data-start=\"813\" data-end=\"829\" data-raofz=\"22\"><strong>2. Defini\u00e7\u00f5es<\/strong><\/h3>\n<ul data-start=\"831\" data-end=\"1264\">\n<li data-start=\"831\" data-end=\"929\" data-raofz=\"18\"><strong data-start=\"833\" data-end=\"852\">Dados Pessoais:<\/strong>\u00a0Informa\u00e7\u00f5es relacionadas a uma pessoa natural identificada ou identific\u00e1vel.<\/li>\n<li data-start=\"930\" data-end=\"996\" data-raofz=\"18\"><strong data-start=\"932\" data-end=\"944\">Titular:<\/strong>\u00a0Pessoa natural a quem se referem os dados pessoais.<\/li>\n<li data-start=\"997\" data-end=\"1107\" data-raofz=\"18\"><strong data-start=\"999\" data-end=\"1015\">Controlador:<\/strong>\u00a0\u00d3rg\u00e3o respons\u00e1vel por determinar as finalidades e os meios do tratamento de dados pessoais.<\/li>\n<li data-start=\"1108\" data-end=\"1199\" data-raofz=\"18\"><strong data-start=\"1110\" data-end=\"1123\">Operador:<\/strong>\u00a0Entidade que realiza o tratamento de dados pessoais em nome do Controlador.<\/li>\n<li data-start=\"1200\" data-end=\"1264\" data-raofz=\"18\"><strong data-start=\"1202\" data-end=\"1211\">LGPD:<\/strong>\u00a0Lei Geral de Prote\u00e7\u00e3o de Dados (Lei n\u00ba 13.709\/2018).<\/li>\n<\/ul>\n<hr \/>\n<h2 data-start=\"1266\" data-end=\"1287\" data-raofz=\"26\"><\/h2>\n<h3 data-start=\"1266\" data-end=\"1287\" data-raofz=\"22\"><strong>3. Coleta de Dados<\/strong><\/h3>\n<p data-start=\"1289\" data-end=\"1408\" data-raofz=\"18\">A C\u00e2mara Municipal coleta dados pessoais de forma l\u00edcita, justa e transparente. Os dados podem ser obtidos por meio de:<\/p>\n<ul data-start=\"1409\" data-end=\"1695\">\n<li data-start=\"1409\" data-end=\"1461\" data-raofz=\"18\">Formul\u00e1rios de contato e solicita\u00e7\u00f5es de servi\u00e7os.<\/li>\n<li data-start=\"1462\" data-end=\"1549\" data-raofz=\"18\">Inscri\u00e7\u00f5es em eventos, audi\u00eancias p\u00fablicas e demais atividades promovidas pelo \u00f3rg\u00e3o.<\/li>\n<li data-start=\"1550\" data-end=\"1695\" data-raofz=\"18\">Sistemas de acesso e navega\u00e7\u00e3o em nossos portais digitais (incluindo, quando aplic\u00e1vel, dados de cookies e outras tecnologias de rastreamento).<\/li>\n<\/ul>\n<hr \/>\n<h2 data-start=\"1697\" data-end=\"1728\" data-raofz=\"26\"><\/h2>\n<h3 data-start=\"1697\" data-end=\"1728\" data-raofz=\"22\"><strong>4. Finalidades do Tratamento<\/strong><\/h3>\n<p data-start=\"1730\" data-end=\"1805\" data-raofz=\"18\">Os dados pessoais coletados ser\u00e3o utilizados para as seguintes finalidades:<\/p>\n<ul data-start=\"1806\" data-end=\"2247\">\n<li data-start=\"1806\" data-end=\"1859\" data-raofz=\"18\">Atendimento a demandas e solicita\u00e7\u00f5es dos cidad\u00e3os.<\/li>\n<li data-start=\"1860\" data-end=\"1928\" data-raofz=\"18\">Presta\u00e7\u00e3o de servi\u00e7os p\u00fablicos e cumprimento de obriga\u00e7\u00f5es legais.<\/li>\n<li data-start=\"1929\" data-end=\"2017\" data-raofz=\"18\">Divulga\u00e7\u00e3o de informa\u00e7\u00f5es, publica\u00e7\u00f5es e resultados de atividades da C\u00e2mara Municipal.<\/li>\n<li data-start=\"2018\" data-end=\"2122\" data-raofz=\"18\">Realiza\u00e7\u00e3o de pesquisas, estat\u00edsticas e an\u00e1lises que visem \u00e0 melhoria cont\u00ednua dos servi\u00e7os prestados.<\/li>\n<li data-start=\"2123\" data-end=\"2247\" data-raofz=\"18\">Outras finalidades compat\u00edveis com as atividades institucionais e de transpar\u00eancia, sempre com base nos princ\u00edpios legais.<\/li>\n<\/ul>\n<hr \/>\n<h2 data-start=\"2249\" data-end=\"2280\" data-raofz=\"26\"><\/h2>\n<h3 data-start=\"2249\" data-end=\"2280\" data-raofz=\"22\"><strong>5. Compartilhamento de Dados<\/strong><\/h3>\n<p data-start=\"2282\" data-end=\"2331\" data-raofz=\"18\">Os dados pessoais poder\u00e3o ser compartilhados com:<\/p>\n<ul data-start=\"2332\" data-end=\"2701\">\n<li data-start=\"2332\" data-end=\"2454\" data-raofz=\"18\">\u00d3rg\u00e3os e entidades p\u00fablicas, quando necess\u00e1rio para a execu\u00e7\u00e3o de pol\u00edticas p\u00fablicas e cumprimento de obriga\u00e7\u00f5es legais.<\/li>\n<li data-start=\"2455\" data-end=\"2629\" data-raofz=\"18\">Parceiros estrat\u00e9gicos e prestadores de servi\u00e7os, sempre mediante a formaliza\u00e7\u00e3o de instrumentos contratuais que garantam a seguran\u00e7a e a confidencialidade das informa\u00e7\u00f5es.<\/li>\n<li data-start=\"2630\" data-end=\"2701\" data-raofz=\"18\">Outras situa\u00e7\u00f5es autorizadas pelo titular ou previstas na legisla\u00e7\u00e3o.<\/li>\n<\/ul>\n<hr \/>\n<h2 data-start=\"2703\" data-end=\"2731\" data-raofz=\"26\"><\/h2>\n<h3 data-start=\"2703\" data-end=\"2731\" data-raofz=\"22\"><strong>6. Direitos dos Titulares<\/strong><\/h3>\n<p data-start=\"2733\" data-end=\"2807\" data-raofz=\"18\">Em conformidade com a LGPD, os titulares dos dados pessoais t\u00eam direito a:<\/p>\n<ul data-start=\"2808\" data-end=\"3321\">\n<li data-start=\"2808\" data-end=\"2862\" data-raofz=\"18\">Confirmar a exist\u00eancia do tratamento dos seus dados.<\/li>\n<li data-start=\"2863\" data-end=\"2892\" data-raofz=\"18\">Acessar os dados coletados.<\/li>\n<li data-start=\"2893\" data-end=\"2950\" data-raofz=\"18\">Corrigir dados incompletos, inexatos ou desatualizados.<\/li>\n<li data-start=\"2951\" data-end=\"3079\" data-raofz=\"18\">Solicitar a anonimiza\u00e7\u00e3o, bloqueio ou elimina\u00e7\u00e3o de dados desnecess\u00e1rios, excessivos ou tratados em desconformidade com a lei.<\/li>\n<li data-start=\"3080\" data-end=\"3185\" data-raofz=\"18\">Receber informa\u00e7\u00f5es claras e completas sobre as entidades com as quais seus dados foram compartilhados.<\/li>\n<li data-start=\"3186\" data-end=\"3321\" data-raofz=\"18\">Revogar o consentimento, quando aplic\u00e1vel, ressalvadas as hip\u00f3teses legais que autorizem o tratamento sem o consentimento do titular.<\/li>\n<\/ul>\n<hr \/>\n<h2 data-start=\"3323\" data-end=\"3349\" data-raofz=\"26\"><\/h2>\n<h3 data-start=\"3323\" data-end=\"3349\" data-raofz=\"22\"><strong>7. Medidas de Seguran\u00e7a<\/strong><\/h3>\n<p data-start=\"3351\" data-end=\"3607\" data-raofz=\"18\">A C\u00e2mara Municipal adota medidas t\u00e9cnicas, administrativas e f\u00edsicas compat\u00edveis com os padr\u00f5es de seguran\u00e7a exigidos pela legisla\u00e7\u00e3o para proteger os dados pessoais contra acesso n\u00e3o autorizado, divulga\u00e7\u00e3o, altera\u00e7\u00e3o ou destrui\u00e7\u00e3o. Entre as medidas est\u00e3o:<\/p>\n<ul data-start=\"3608\" data-end=\"3796\">\n<li data-start=\"3608\" data-end=\"3674\" data-raofz=\"18\">Controle de acesso aos sistemas e ambientes que armazenam dados.<\/li>\n<li data-start=\"3675\" data-end=\"3741\" data-raofz=\"18\">Ado\u00e7\u00e3o de tecnologias de criptografia e prote\u00e7\u00e3o de informa\u00e7\u00f5es.<\/li>\n<li data-start=\"3742\" data-end=\"3796\" data-raofz=\"18\">Treinamento cont\u00ednuo dos servidores e colaboradores.<\/li>\n<\/ul>\n<hr \/>\n<h2 data-start=\"3798\" data-end=\"3835\" data-raofz=\"26\"><\/h2>\n<h3 data-start=\"3798\" data-end=\"3835\" data-raofz=\"22\"><strong>8. Cookies e Tecnologias Similares<\/strong><\/h3>\n<p data-start=\"3837\" data-end=\"3924\" data-raofz=\"18\">Nos nossos portais digitais, podem ser utilizados cookies e tecnologias similares para:<\/p>\n<ul data-start=\"3925\" data-end=\"4119\">\n<li data-start=\"3925\" data-end=\"3976\" data-raofz=\"18\">Melhorar a experi\u00eancia de navega\u00e7\u00e3o dos usu\u00e1rios.<\/li>\n<li data-start=\"3977\" data-end=\"4036\" data-raofz=\"18\">Coletar informa\u00e7\u00f5es estat\u00edsticas e de desempenho do site.<\/li>\n<li data-start=\"4037\" data-end=\"4119\" data-raofz=\"18\">Personalizar conte\u00fados e ofertas, sempre respeitando a privacidade dos usu\u00e1rios.<\/li>\n<\/ul>\n<p data-start=\"4121\" data-end=\"4295\" data-raofz=\"18\">Os usu\u00e1rios poder\u00e3o, a qualquer momento, gerenciar ou desativar essas tecnologias por meio das configura\u00e7\u00f5es do navegador, sem preju\u00edzo da utiliza\u00e7\u00e3o dos servi\u00e7os essenciais.<\/p>\n<hr \/>\n<h2 data-start=\"4297\" data-end=\"4328\" data-raofz=\"26\"><\/h2>\n<h3 data-start=\"4297\" data-end=\"4328\" data-raofz=\"22\"><strong>9. Altera\u00e7\u00f5es nesta Pol\u00edtica<\/strong><\/h3>\n<p data-start=\"4330\" data-end=\"4634\" data-raofz=\"18\">Esta Pol\u00edtica de Privacidade poder\u00e1 ser atualizada periodicamente para refletir mudan\u00e7as nas pr\u00e1ticas de tratamento de dados ou em decorr\u00eancia de altera\u00e7\u00f5es legais. As modifica\u00e7\u00f5es ser\u00e3o publicadas no portal da C\u00e2mara Municipal, garantindo a transpar\u00eancia e o acesso \u00e0 informa\u00e7\u00e3o por parte dos titulares.<\/p>\n<hr \/>\n<h2 data-start=\"4636\" data-end=\"4660\" data-raofz=\"26\"><\/h2>\n<h3 data-start=\"4636\" data-end=\"4660\" data-raofz=\"22\"><strong>10. Contato e D\u00favidas<\/strong><\/h3>\n<p data-start=\"4662\" data-end=\"4847\" data-raofz=\"18\">Em caso de d\u00favidas, solicita\u00e7\u00f5es ou para exercer os seus direitos enquanto titular dos dados, entre em contato com o Encarregado de Prote\u00e7\u00e3o de Dados (DPO) atrav\u00e9s dos seguintes canais:<\/p>\n<ul data-start=\"4849\" data-end=\"5019\">\n<li data-start=\"4849\" data-end=\"4903\" data-raofz=\"18\"><strong data-start=\"4851\" data-end=\"4864\">Endere\u00e7o: <\/strong>Rua Capit\u00e3o Amador Monteiro, n\u00ba 59, <strong>Lagoa do Ouro \u2013 PE<\/strong> \u2013 Centro \u2013 CEP: 55.320-000<\/li>\n<li data-start=\"4904\" data-end=\"4951\" data-raofz=\"18\"><strong data-start=\"4906\" data-end=\"4919\">Telefone:<\/strong> <strong>(87) 3785-1402<\/strong><\/li>\n<li data-start=\"4952\" data-end=\"5019\" data-raofz=\"18\"><strong data-start=\"4954\" data-end=\"4965\">E-mail:\u00a0<\/strong>camara@lagoadoouro.pe.leg.br<\/li>\n<\/ul>\n<\/div>\n<p>&nbsp;<\/p>\n<p>\r\n          <\/div>\r\n        <\/div>\r\n      <\/div>\r\n    <\/div>\n<p>&nbsp;<\/p>\n\r\n    <div class=\"lgpd-accordion-group\" id=\"lgpdAccordion69f1fe89a2623\">\r\n      <div class=\"lgpd-panel lgpd-panel-default\">\r\n        <div class=\"lgpd-panel-heading\">\r\n          <h4 class=\"lgpd-panel-title\">\r\n            <a data-toggle=\"collapse\" data-parent=\"#lgpdAccordion69f1fe89a2623\" href=\"#lgpdCollapselgpdAccordion69f1fe89a2623\" onclick=\"toggleAccordionIcon(this);\">\r\n              Princ\u00edpios <i class=\"fa lgpd-toggle-icon fa-chevron-down\" aria-hidden=\"true\"><\/i>\r\n            <\/a>\r\n          <\/h4>\r\n        <\/div>\r\n        <div id=\"lgpdCollapselgpdAccordion69f1fe89a2623\" class=\"lgpd-panel-collapse collapse\">\r\n          <div class=\"lgpd-panel-body\">\r\n            <\/p>\n<p><\/p>\n<div class=\"col-xl-12 col-lg-12 col-md-12 col-sm-12 col-12 mt-4 mt-md-0\"><\/div>\n<div>\n<p>Os princ\u00edpios na legisla\u00e7\u00e3o, conforme indicado no Art. 6 norteiam a forma de tratamento dos dados pessoais dos titulares, sendo elas:<\/p>\n<ul>\n<li>\u00a0<strong>Princ\u00edpio da boa-f\u00e9<\/strong>: elemento \u00e9tico das rela\u00e7\u00f5es, diz respeito \u00e0 conduta \u00e9tica entre as partes, observando a lealdade e a corre\u00e7\u00e3o;<br \/>\n<hr \/>\n<\/li>\n<li><strong> Finalidade:<\/strong> define a realiza\u00e7\u00e3o do tratamento de dados em fun\u00e7\u00e3o de prop\u00f3sitos leg\u00edtimos, espec\u00edficos, expl\u00edcitos e informados ao titular, sem possibilidade de tratamento posterior de forma incompat\u00edvel com essas finalidades, impossibilitando fazer tratamentos de dados com fins gen\u00e9ricos;<br \/>\n<hr \/>\n<\/li>\n<li><strong> Adequa\u00e7\u00e3o:<\/strong> compatibilidade do tratamento com as finalidades informadas ao titular, de acordo com o contexto do tratamento;<br \/>\n<hr \/>\n<\/li>\n<li><strong> Necessidade:<\/strong> limita\u00e7\u00e3o do tratamento ao m\u00ednimo necess\u00e1rio para a realiza\u00e7\u00e3o de suas finalidades, com abrang\u00eancia dos dados pertinentes, proporcionais e n\u00e3o excessivos em rela\u00e7\u00e3o \u00e0s finalidades do tratamento de dados;<br \/>\n<hr \/>\n<\/li>\n<li><strong> Livre acesso:<\/strong> garantia, aos titulares, de consulta facilitada e gratuita sobre a forma e a dura\u00e7\u00e3o do tratamento, bem como sobre a integralidade de seus dados pessoais;<br \/>\n<hr \/>\n<\/li>\n<li><strong> Qualidade dos dados:<\/strong> garantia, aos titulares, de exatid\u00e3o, clareza, relev\u00e2ncia e atualiza\u00e7\u00e3o dos dados, de acordo com a necessidade e para o cumprimento da finalidade de seu tratamento;<br \/>\n<hr \/>\n<\/li>\n<li><strong> Transpar\u00eancia:<\/strong> garantia, aos titulares, de informa\u00e7\u00f5es claras, precisas e facilmente acess\u00edveis sobre a realiza\u00e7\u00e3o do tratamento e os respectivos agentes de tratamento, observados os segredos comercial e industrial;<br \/>\n<hr \/>\n<\/li>\n<li><strong> Seguran\u00e7a:<\/strong> utiliza\u00e7\u00e3o de medidas t\u00e9cnicas e administrativas aptas a proteger os dados pessoais de acessos n\u00e3o autorizados e de situa\u00e7\u00f5es acidentais ou il\u00edcitas de destrui\u00e7\u00e3o, perda, altera\u00e7\u00e3o, comunica\u00e7\u00e3o ou difus\u00e3o;<br \/>\n<hr \/>\n<\/li>\n<li><strong> Preven\u00e7\u00e3o:<\/strong> ado\u00e7\u00e3o de medidas para prevenir a ocorr\u00eancia de danos em virtude do tratamento de dados pessoais;<br \/>\n<hr \/>\n<\/li>\n<li><strong> N\u00e3o discrimina\u00e7\u00e3o:<\/strong> impossibilidade de realiza\u00e7\u00e3o do tratamento para fins discriminat\u00f3rios il\u00edcitos ou abusivos;<br \/>\n<hr \/>\n<\/li>\n<li><strong>Responsabiliza\u00e7\u00e3o e presta\u00e7\u00e3o de contas:<\/strong> demonstra\u00e7\u00e3o, pelo agente, da ado\u00e7\u00e3o de medidas eficazes e capazes de comprovar a observ\u00e2ncia e o cumprimento das normas de prote\u00e7\u00e3o de dados pessoais e, inclusive, da efic\u00e1cia dessas medidas.<\/li>\n<\/ul>\n<\/div>\n<p>\r\n          <\/div>\r\n        <\/div>\r\n      <\/div>\r\n    <\/div>\n<p>&nbsp;<\/p>\n\r\n    <div class=\"lgpd-accordion-group\" id=\"lgpdAccordion69f1fe89a2720\">\r\n      <div class=\"lgpd-panel lgpd-panel-default\">\r\n        <div class=\"lgpd-panel-heading\">\r\n          <h4 class=\"lgpd-panel-title\">\r\n            <a data-toggle=\"collapse\" data-parent=\"#lgpdAccordion69f1fe89a2720\" href=\"#lgpdCollapselgpdAccordion69f1fe89a2720\" onclick=\"toggleAccordionIcon(this);\">\r\n              Fundamentos <i class=\"fa lgpd-toggle-icon fa-chevron-down\" aria-hidden=\"true\"><\/i>\r\n            <\/a>\r\n          <\/h4>\r\n        <\/div>\r\n        <div id=\"lgpdCollapselgpdAccordion69f1fe89a2720\" class=\"lgpd-panel-collapse collapse\">\r\n          <div class=\"lgpd-panel-body\">\r\n            <\/p>\n<p><\/p>\n<p>Os fundamentos basilares da Lei Geral de Prote\u00e7\u00e3o de Dados (LGPD) para evitar a aplica\u00e7\u00e3o inadequada da lei, sendo assim, compreendem-se bem no Art. 2:<\/p>\n<ul>\n<li>O respeito \u00e0 privacidade;<\/li>\n<li>A autodetermina\u00e7\u00e3o informativa;<\/li>\n<li>A liberdade de express\u00e3o, de informa\u00e7\u00e3o, de comunica\u00e7\u00e3o e de opini\u00e3o;<\/li>\n<li>A inviolabilidade da intimidade, da honra e da imagem;<\/li>\n<li>O desenvolvimento econ\u00f4mico e tecnol\u00f3gico e a inova\u00e7\u00e3o;<\/li>\n<li>A livre iniciativa, a livre concorr\u00eancia e a defesa do consumidor;<\/li>\n<li>Os direitos humanos, o livre desenvolvimento da personalidade, a dignidade e o exerc\u00edcio da cidadania pelas pessoas naturais.<\/li>\n<\/ul>\n<p>\r\n          <\/div>\r\n        <\/div>\r\n      <\/div>\r\n    <\/div>\n<p>&nbsp;<\/p>\n\r\n    <div class=\"lgpd-accordion-group\" id=\"lgpdAccordion69f1fe89a2765\">\r\n      <div class=\"lgpd-panel lgpd-panel-default\">\r\n        <div class=\"lgpd-panel-heading\">\r\n          <h4 class=\"lgpd-panel-title\">\r\n            <a data-toggle=\"collapse\" data-parent=\"#lgpdAccordion69f1fe89a2765\" href=\"#lgpdCollapselgpdAccordion69f1fe89a2765\" onclick=\"toggleAccordionIcon(this);\">\r\n              Bases Legais <i class=\"fa lgpd-toggle-icon fa-chevron-down\" aria-hidden=\"true\"><\/i>\r\n            <\/a>\r\n          <\/h4>\r\n        <\/div>\r\n        <div id=\"lgpdCollapselgpdAccordion69f1fe89a2765\" class=\"lgpd-panel-collapse collapse\">\r\n          <div class=\"lgpd-panel-body\">\r\n            <\/p>\n<p><\/p>\n<p>As bases legais indicadas na lei autorizam como o tratamento de dados pessoais e mostram legalidade ao processo, assim, determinada pelo Art. 7 temos:<\/p>\n<ul>\n<li>Consentimento pelo titular;<\/li>\n<li>Cumprimento de obriga\u00e7\u00e3o legal ou regulat\u00f3ria pelo controlador;<\/li>\n<li>Tratamento e uso compartilhado de dados necess\u00e1rios \u00e0 execu\u00e7\u00e3o de pol\u00edticas p\u00fablicas previstas em leis;<\/li>\n<li>Realiza\u00e7\u00e3o de estudos por \u00f3rg\u00e3o de pesquisa, garantida, sempre que poss\u00edvel, a anonimiza\u00e7\u00e3o dos dados pessoais;<\/li>\n<li>Execu\u00e7\u00e3o de contrato;<\/li>\n<li>Exerc\u00edcio regular de direitos em processo judicial, administrativo ou arbitral;<\/li>\n<li>Prote\u00e7\u00e3o da vida ou da incolumidade f\u00edsica do titular ou de terceiro;<\/li>\n<li>Tutela da sa\u00fade;<\/li>\n<li>Interesses leg\u00edtimos do controlador ou de terceiro;<\/li>\n<li>Prote\u00e7\u00e3o do cr\u00e9dito.<\/li>\n<\/ul>\n<p>\r\n          <\/div>\r\n        <\/div>\r\n      <\/div>\r\n    <\/div>\n<p>&nbsp;<\/p>\n\r\n    <div class=\"lgpd-accordion-group\" id=\"lgpdAccordion69f1fe89a27c2\">\r\n      <div class=\"lgpd-panel lgpd-panel-default\">\r\n        <div class=\"lgpd-panel-heading\">\r\n          <h4 class=\"lgpd-panel-title\">\r\n            <a data-toggle=\"collapse\" data-parent=\"#lgpdAccordion69f1fe89a27c2\" href=\"#lgpdCollapselgpdAccordion69f1fe89a27c2\" onclick=\"toggleAccordionIcon(this);\">\r\n              Perguntas e Respostas <i class=\"fa lgpd-toggle-icon fa-chevron-down\" aria-hidden=\"true\"><\/i>\r\n            <\/a>\r\n          <\/h4>\r\n        <\/div>\r\n        <div id=\"lgpdCollapselgpdAccordion69f1fe89a27c2\" class=\"lgpd-panel-collapse collapse\">\r\n          <div class=\"lgpd-panel-body\">\r\n            <\/p>\n<p><\/p>\n<p><strong>QUANDO A LGPD ENTROU EM VIGOR?<\/strong><\/p>\n<p>A Lei N\u00ba 13.709, foi publicada em 14 de Agosto de 2018 e sancionada em setembro de 2020. A prote\u00e7\u00e3o de dados pessoais tamb\u00e9m consta no rol de direitos e garantias fundamentais (art. 5, LXXIX), a partir da promulga\u00e7\u00e3o da Emenda Constitucional n. 115\/2022.<\/p>\n<hr \/>\n<p><strong> COMO A LGPD VAI ME BENEFICIAR ENQUANTO CIDAD\u00c3O?<\/strong><\/p>\n<p>A lei objetiva descobrir as vulnerabilidades para evitar o vazamento de dados, aumentar a consci\u00eancia do titular e das empresas que coletam seus dados, proteger os dados essenciais para identifica\u00e7\u00e3o dos cidad\u00e3os como tamb\u00e9m, possibilitar maior controle de acesso \u00e0s informa\u00e7\u00f5es. Ela permite que o cidad\u00e3o tenha direito sobre o acesso aos seus dados e orient\u00e1-los como seguir em casos de vazamento e\/ou compartilhamento e uso de dados indevidos.<\/p>\n<hr \/>\n<p><strong>QUEM S\u00c3O OS TITULARES DE DADOS?<\/strong><\/p>\n<p>O titular \u00e9 a pessoa f\u00edsica a quem se referem os dados pessoais. \u00c9 o dono do dado na qual lhe identifica e que lhe diz respeito.<\/p>\n<hr \/>\n<p><strong>O QUE S\u00c3O DADOS PESSOAIS?<\/strong><\/p>\n<p>Aquela informa\u00e7\u00e3o que permite identificar, direta ou indiretamente, um indiv\u00edduo que esteja vivo, como por exemplo: nome, RG, CPF, g\u00eanero, data de nascimento, telefone, endere\u00e7o residencial, retrato em fotografia e entre outros dados.<\/p>\n<hr \/>\n<p><strong>O QUE S\u00c3O DADOS SENS\u00cdVEIS?<\/strong><\/p>\n<p>Aquela informa\u00e7\u00e3o que permite identificar um indiv\u00edduo que esteja vivo e que facilite a discrimina\u00e7\u00e3o do titular. Como por exemplo: op\u00e7\u00e3o sexual, convic\u00e7\u00f5es religiosas, posicionamento pol\u00edtico, prontu\u00e1rio m\u00e9dico, biometria e entre outros dados.<\/p>\n<hr \/>\n<p><strong>QUAIS DADOS S\u00c3O PROTEGIDOS PELA LGPD?<\/strong><\/p>\n<p>A LGPD garante prote\u00e7\u00e3o a TODOS OS DADOS cujos titulares s\u00e3o pessoas naturais e vivas, estando eles em formato f\u00edsico (registrado em formul\u00e1rios, laudos, planilhas e entre outras) ou digital (registrado em sites, sistemas, m\u00eddias digitais e entre outras).<\/p>\n<hr \/>\n<p><strong>O QUE \u00c9 E QUAL A FUN\u00c7\u00c3O DA AUTORIDADE NACIONAL DE PROTE\u00c7\u00c3O DE DADOS PESSOAIS &#8211; ANPD?<\/strong><\/p>\n<p>A ANPD \u00e9 uma autarquia de natureza especial, vinculada ao Minist\u00e9rio da Justi\u00e7a e Seguran\u00e7a P\u00fablica, e tem como fun\u00e7\u00e3o zelar pela prote\u00e7\u00e3o de dados pessoais e por regulamentar, implementar e fiscalizar o cumprimento da LGPD no Brasil.<\/p>\n<hr \/>\n<p><strong> O QUE AS EMPRESAS E O SETOR P\u00daBLICO PRECISAM FAZER PARA SE ADEQUAR A LGPD?<\/strong><\/p>\n<p>As empresas e o setor p\u00fablico devem entender a relev\u00e2ncia da prote\u00e7\u00e3o e privacidade de dados pessoais, verificar e adequar novas e melhores pr\u00e1ticas de coleta, transfer\u00eancia, armazenamento e elimina\u00e7\u00e3o dos dados (o ciclo de vida dos dados) em toda institui\u00e7\u00e3o para atender as exig\u00eancias legais da LGPD. Por isso, perceber a prote\u00e7\u00e3o de dados dos titulares e clientes \u00e9 essencial, assim ter\u00e1 aplica\u00e7\u00e3o das san\u00e7\u00f5es no caso de n\u00e3o cumprir com a legisla\u00e7\u00e3o.<\/p>\n<p>\r\n          <\/div>\r\n        <\/div>\r\n      <\/div>\r\n    <\/div>\n<p>&nbsp;<\/p>\n<h3><strong>Encarregado de Dados da LGPD<\/strong><\/h3>\n<p>Agora que voc\u00ea tem o conhecimento sobre a LGPD, conhe\u00e7a a Encarregada de dados da <strong>C\u00e2mara Municipal de Lagoa do Ouro<\/strong>.<\/p>\n<p>O Encarregado de Dados, tamb\u00e9m conhecido como DPO (Data Protection Officer) \u00e9 a pessoa indicada para atuar como canal de comunica\u00e7\u00e3o entre o Controlador, os (as) titulares dos dados e a Autoridade Nacional de Prote\u00e7\u00e3o de Dados (ANPD).<\/p>\n<p>&nbsp;<\/p>\n<h3><strong>Jos\u00e9 Alberto Bas\u00edlio Monteiro<\/strong><\/h3>\n<p><strong>E-mail:<\/strong> <a class=\"link-email-mobili\" href=\"mailto:ouvidoria@lagoadoouro.pe.leg.br\">ouvidoria@lagoadoouro.pe.leg.br<\/a><\/p>\n<p><strong>Endere\u00e7o:<\/strong> Rua Capit\u00e3o Amador Monteiro, n\u00ba 59, Lagoa do Ouro \u2013 PE \u2013 Centro \u2013 CEP: 55.320-000<\/p>\n<p><strong>Atendimento:<\/strong> Seg. a Sex. Das 8h \u00e0s 14h<\/p>\n<p><strong>Telefone:<\/strong> <strong>(87) 3785-1402<\/strong><\/p>\n<a href=\"https:\/\/w3d.app.br\/ouvidoria\/camlagoadoouro\/menu_lateral\/\" class=\"custom-botao\" target=\"_blank\" rel=\"noopener noreferrer\">Fale Conosco<\/a>\n<p>&nbsp;<\/p>\n","protected":false},"featured_media":0,"template":"","meta":{"_acf_changed":false},"class_list":["post-428","lgpd","type-lgpd","status-publish","hentry"],"acf":[],"_links":{"self":[{"href":"https:\/\/w3d.app.br\/camlagoadoouro\/wp-json\/wp\/v2\/lgpd\/428","targetHints":{"allow":["GET"]}}],"collection":[{"href":"https:\/\/w3d.app.br\/camlagoadoouro\/wp-json\/wp\/v2\/lgpd"}],"about":[{"href":"https:\/\/w3d.app.br\/camlagoadoouro\/wp-json\/wp\/v2\/types\/lgpd"}],"wp:attachment":[{"href":"https:\/\/w3d.app.br\/camlagoadoouro\/wp-json\/wp\/v2\/media?parent=428"}],"curies":[{"name":"wp","href":"https:\/\/api.w.org\/{rel}","templated":true}]}}