{"id":333,"date":"2025-02-03T16:08:52","date_gmt":"2025-02-03T19:08:52","guid":{"rendered":"https:\/\/w3d.app.br\/camlagoadoouro\/?page_id=333"},"modified":"2025-02-03T16:08:52","modified_gmt":"2025-02-03T19:08:52","slug":"perguntas-frequentes","status":"publish","type":"page","link":"https:\/\/w3d.app.br\/camlagoadoouro\/perguntas-frequentes\/","title":{"rendered":"Perguntas Frequentes"},"content":{"rendered":"\r\n<h2 class=\"wp-block-heading\"><strong>Perguntas Frequentes Sobre a LAI<\/strong><\/h2>\r\n\r\n\r\n\r\n\r\n<hr class=\"wp-block-separator\" \/>\r\n\r\n\r\n\r\n<!--EndFragment-->\r\n\r\n\r\n\r\n&nbsp;\r\n\r\n\r\n\r\n\r\n<h4 class=\"wp-block-heading\"><strong>1. O que \u00e9 a Lei de Acesso \u00e0 Informa\u00e7\u00e3o?<\/strong><\/h4>\r\n\r\n\r\n\r\n\r\nA Lei n\u00ba 12.527\/2011, conhecida como <em>Lei de Acesso \u00e0 Informa\u00e7\u00e3o &#8211; <strong>LAI<\/strong><\/em>, regulamenta o direito, previsto na Constitui\u00e7\u00e3o, de qualquer pessoa solicitar e receber dos \u00f3rg\u00e3os e entidades p\u00fablicos, de todos os entes e Poderes, informa\u00e7\u00f5es p\u00fablicas por eles produzidas ou custodiadas.\r\n\r\n\r\n\r\n\r\n\r\n&nbsp;\r\n\r\n\r\n\r\n\r\n<h4 class=\"wp-block-heading\"><strong>2. Quando a Lei de Acesso \u00e0 Informa\u00e7\u00e3o entrou em vigor? <\/strong><\/h4>\r\n\r\n\r\n\r\n\r\nA LAI foi publicada em 18 de novembro de 2011, mas s\u00f3 entrou em vigor 180 (cento e oitenta) dias ap\u00f3s essa data, ou seja, em 16 de maio de 2012.\r\n\r\n\r\n\r\n\r\n\r\n&nbsp;\r\n\r\n\r\n\r\n\r\n<h4 class=\"wp-block-heading\"><strong>3. O que s\u00e3o informa\u00e7\u00f5es?<\/strong><\/h4>\r\n\r\n\r\n\r\n\r\nDe acordo com o art. 4\u00b0, inciso I, da Lei n\u00ba 12.527\/2011, informa\u00e7\u00f5es s\u00e3o dados, processados ou n\u00e3o, que podem ser utilizados para produ\u00e7\u00e3o e transmiss\u00e3o de conhecimento, registrados em qualquer suporte ou formato.\r\n\r\n\r\n\r\n\r\n\r\nCom a Lei de Acesso, a publicidade passou a ser a regra e o sigilo a exce\u00e7\u00e3o. Dessa forma, as pessoas podem ter acesso a qualquer informa\u00e7\u00e3o p\u00fablica produzida ou custodiada pelos \u00f3rg\u00e3os e entidades da Administra\u00e7\u00e3o P\u00fablica.\r\n\r\n\r\n\r\n\r\n<h2 class=\"wp-block-heading\"><\/h2>\r\n\r\n\r\n<!--StartFragment-->\r\n\r\n\r\n\r\n<hr class=\"wp-block-separator\" \/>\r\n\r\n\r\n\r\n\r\n<h2 class=\"wp-block-heading\"><strong>Perguntas Frequentes Sobre a Transpar\u00eancia P\u00fablica<\/strong><\/h2>\r\n\r\n\r\n\r\n\r\n<hr class=\"wp-block-separator\" \/>\r\n\r\n\r\n\r\n<!--EndFragment-->\r\n\r\n\r\n<h4 class=\"wp-block-heading\">1. <strong>Quais \u00f3rg\u00e3os s\u00e3o obrigados a divulgar informa\u00e7\u00f5es no portal da transpar\u00eancia?<\/strong><\/h4>\r\n\r\n\r\n\r\n\r\nOs \u00f3rg\u00e3os e entidades da Administra\u00e7\u00e3o Direta e Indireta (Autarquias, Funda\u00e7\u00f5es, Empresas P\u00fablicas e Sociedades de Economia Mista).\r\n\r\n\r\n\r\n\r\n\r\n&nbsp;\r\n\r\n\r\n\r\n\r\n<h4 class=\"wp-block-heading\">2. <strong>Quais as informa\u00e7\u00f5es dispon\u00edveis no portal?<\/strong><\/h4>\r\n\r\n\r\n\r\n\r\nAs informa\u00e7\u00f5es referentes aos \u00f3rg\u00e3os que comp\u00f5em o Legislativo Municipal, sendo elas: informa\u00e7\u00f5es or\u00e7ament\u00e1rias, receitas, despesas, relat\u00f3rios cont\u00e1beis, compras p\u00fablicas e presta\u00e7\u00e3o de contas.\r\n\r\n\r\n\r\n\r\n\r\n&nbsp;\r\n\r\n\r\n\r\n\r\n<h4 class=\"wp-block-heading\">3. <strong>Por que o Portal da Transpar\u00eancia foi criado?<\/strong><\/h4>\r\n\r\n\r\n\r\n\r\nPara atender a demanda de informa\u00e7\u00f5es sobre gest\u00e3o p\u00fablica, bem como cumprir as determina\u00e7\u00f5es constitucionais, visando \u00e0 transpar\u00eancia da contas p\u00fablicas e atendendo a Lei Complementar n\u00b0 131, de 27 de maio de 2009, e o Decreto Federal n\u00b0 7185, de 27 de maio de 2010.\r\n\r\n\r\n\r\n\r\n\r\n&nbsp;\r\n\r\n\r\n\r\n\r\n<h4 class=\"wp-block-heading\">4. <strong>Como posso tirar d\u00favidas em rela\u00e7\u00e3o aos termos t\u00e9cnicos presentes nos relat\u00f3rio?<\/strong><\/h4>\r\n\r\n\r\n\r\n\r\nAtrav\u00e9s do link canal do cidad\u00e3o.\r\n\r\n\r\n\r\n\r\n\r\n&nbsp;\r\n\r\n\r\n\r\n\r\n<h4 class=\"wp-block-heading\"><strong>5. Os dados referentes aos servidores encontram-se no Portal?<\/strong><\/h4>\r\n\r\n\r\n\r\n\r\nSim. H\u00e1 uma rela\u00e7\u00e3o com todos os funcion\u00e1rios, contendo informa\u00e7\u00f5es sobre o regime, vinculo, cargo, carga hor\u00e1ria semanal e valor individual mensal dos proventos. Essa op\u00e7\u00e3o pode ser acessada pelo menu -&gt; TRANSPAR\u00caNCIA P\u00daBLICA -&gt; FOLHA DE PAGAMENTO.\r\n\r\n\r\n\r\n\r\n\r\n&nbsp;\r\n\r\n\r\n\r\n\r\n<h4 class=\"wp-block-heading\">6. <strong>Que tipo de informa\u00e7\u00f5es encontro nas Despesas?<\/strong><\/h4>\r\n\r\n\r\n\r\n\r\nS\u00e3o informa\u00e7\u00f5es sobre o total das despesas, por \u00f3rg\u00e3o, por programa e\/ou por credor. H\u00e1 tamb\u00e9m informa\u00e7\u00f5es sobre valor empenhado, liquidado ou pago.\r\n\r\n\r\n\r\n\r\n\r\n&nbsp;\r\n\r\n\r\n\r\n\r\n<h4 class=\"wp-block-heading\"><strong>7. Como posso tirar d\u00favidas sobre a navega\u00e7\u00e3o do Portal?<\/strong><\/h4>\r\n\r\n\r\n\r\n\r\nVoc\u00ea pode enviar uma mensagem no menu &#8220;Fale Conosco&#8221;.\r\n\r\n\r\n\r\n\r\n\r\n&nbsp;\r\n\r\n\r\n\r\n\r\n<h4 class=\"wp-block-heading\"><strong>8. O que \u00e9 duod\u00e9cimo?<\/strong><\/h4>\r\n\r\n\r\n\r\n\r\nDuod\u00e9cimo \u00e9 um adjetivo ou substantivo masculino que classifica\u00a0algo ou algu\u00e9m que ocupa o d\u00e9cimo segundo lugar em uma s\u00e9rie. Tamb\u00e9m pode ser uma\u00a0fra\u00e7\u00e3o que indica a\u00a0d\u00e9cima segunda parte de alguma coisa.\r\n\r\n\r\n\r\n\r\n\r\nO ano civil est\u00e1 dividido em duod\u00e9cimos, conhecidos como meses, que s\u00e3o doze. A palavra duod\u00e9cimo tem origem no latim\u00a0<em>duodecimu.<\/em>\r\n\r\n\r\n\r\n\r\n\r\nA express\u00e3o\u00a0duod\u00e9cimo or\u00e7ament\u00e1rio remete para a Lei Or\u00e7ament\u00e1ria Anual do Legislativo, e \u00e9 calculado de acordo com o valor da receita corrente l\u00edquida anual do munic\u00edpio em quest\u00e3o.\r\n\r\n\r\n\r\n\r\n\r\nO repasse desse duod\u00e9cimo \u00e9 obrigat\u00f3rio ao poder Legislativo e Judici\u00e1rio. Este repasse est\u00e1 mencionado na Constitui\u00e7\u00e3o Federal, no artigo 168 que diz:\u00a0&#8220;<em>Os recursos correspondentes \u00e0s dota\u00e7\u00f5es or\u00e7ament\u00e1rias, compreendidos os cr\u00e9ditos suplementares e especiais, destinados aos \u00f3rg\u00e3os dos Poderes Legislativo e Judici\u00e1rio, do Minist\u00e9rio P\u00fablico e da Defensoria P\u00fablica, ser-lhes-\u00e3o entregues at\u00e9 o dia 20 de cada m\u00eas, em duod\u00e9cimos&#8230;&#8221;<\/em>\r\n\r\n\r\n\r\n\r\n\r\n&nbsp;","protected":false},"excerpt":{"rendered":"<p>Perguntas Frequentes Sobre a LAI &nbsp; 1. O que \u00e9 a Lei de Acesso \u00e0 Informa\u00e7\u00e3o? A Lei n\u00ba 12.527\/2011, conhecida como Lei de Acesso <a class=\"leiamais\" href=\"https:\/\/w3d.app.br\/camlagoadoouro\/perguntas-frequentes\/\"><i class=\"fa fa-angle-double-right\" aria-hidden=\"true\"><\/i><br \/>\n<\/a><\/p>\n","protected":false},"author":2,"featured_media":0,"parent":0,"menu_order":0,"comment_status":"closed","ping_status":"closed","template":"","meta":{"_acf_changed":false,"footnotes":""},"class_list":["post-333","page","type-page","status-publish","hentry"],"acf":[],"_links":{"self":[{"href":"https:\/\/w3d.app.br\/camlagoadoouro\/wp-json\/wp\/v2\/pages\/333","targetHints":{"allow":["GET"]}}],"collection":[{"href":"https:\/\/w3d.app.br\/camlagoadoouro\/wp-json\/wp\/v2\/pages"}],"about":[{"href":"https:\/\/w3d.app.br\/camlagoadoouro\/wp-json\/wp\/v2\/types\/page"}],"author":[{"embeddable":true,"href":"https:\/\/w3d.app.br\/camlagoadoouro\/wp-json\/wp\/v2\/users\/2"}],"replies":[{"embeddable":true,"href":"https:\/\/w3d.app.br\/camlagoadoouro\/wp-json\/wp\/v2\/comments?post=333"}],"version-history":[{"count":0,"href":"https:\/\/w3d.app.br\/camlagoadoouro\/wp-json\/wp\/v2\/pages\/333\/revisions"}],"wp:attachment":[{"href":"https:\/\/w3d.app.br\/camlagoadoouro\/wp-json\/wp\/v2\/media?parent=333"}],"curies":[{"name":"wp","href":"https:\/\/api.w.org\/{rel}","templated":true}]}}